{"id":10636,"date":"2022-01-25T21:06:05","date_gmt":"2022-01-26T02:06:05","guid":{"rendered":"https:\/\/artspond.com\/job\/22110-programmateur-residence-de-reflexion-sur-la-justice-numerique-4-postes\/"},"modified":"2022-06-02T00:41:38","modified_gmt":"2022-06-02T04:41:38","slug":"22110-programmateur-residence-de-reflexion-sur-la-justice-numerique-4-postes","status":"expired","type":"job_listing","link":"https:\/\/artspond.com\/fr\/?post_type=job_listing&p=10636","title":{"rendered":"22110 Programmateur, R\u00e9sidence de r\u00e9flexion sur la justice num\u00e9rique (4 postes)"},"content":{"rendered":"<h3><strong>\u00c0 propos d&rsquo;\u00c9tang d&rsquo;Arts<\/strong><\/h3>\n<p>Joignez-vous \u00e0 notre \u00e9quipe et jouez un r\u00f4le dans l&rsquo;avancement de l&rsquo;\u00e9quit\u00e9 et de la justice au Canada. \u00c9tang d&rsquo;arts est un fournisseur de soins et un agent de changement d&rsquo;une sorte diff\u00e9rent. Notre mandat est d&rsquo;entretenir des \u00e9cosyst\u00e8mes sains qui soutiennent la justice sociale, spatiale, \u00e9conomique, \u00e9cologique, num\u00e9rique et d&rsquo;accessibilit\u00e9 dans la vie humaine, virtuelle et naturelle. Pour ce faire, nous encourageons les actions de coop\u00e9ration en fusionnant la sagesse et les valeurs de l&rsquo;innovation sociale et des arts.<\/p>\n<p>&nbsp;<\/p>\n<h3><strong>\u00c0 propos du projet<\/strong><\/h3>\n<p>Ensemble l\u00e0-bas est une r\u00e9sidence de r\u00e9flexion cr\u00e9ative en ligne et un effort de construction d&rsquo;\u00e9cosyst\u00e8me pour envisager collectivement un avenir num\u00e9rique juste et bienveillant, men\u00e9 avec, par et pour des cr\u00e9ateurs, des conservateurs, des \u00e9ducateurs et des producteurs d&rsquo;art et de culture canadiens soucieux d&rsquo;\u00e9quit\u00e9.<\/p>\n<p>La pand\u00e9mie a donn\u00e9 vie \u00e0 la demande urgente d&rsquo;\u00e9cologies num\u00e9riques qui renforcent la connectivit\u00e9, la durabilit\u00e9 et la survie des communaut\u00e9s autochtones, racis\u00e9es, rurales-\u00e9loign\u00e9es, handicap\u00e9es et autres communaut\u00e9s marginalis\u00e9es et mal desservies. La perspective de la justice num\u00e9rique invite \u00e0 poser la question suivante : \u00c0 quoi ressembleraient nos mondes humains si les \u00e9conomies et les infrastructures num\u00e9riques \u00e9taient toutes \u00e9galement enracin\u00e9es dans des pratiques attentives de justice et de soin pour les communaut\u00e9s en qu\u00eate d&rsquo;\u00e9quit\u00e9, plut\u00f4t que dans les r\u00e9alit\u00e9s plus souvent oppressives du capitalisme de plateforme ?<\/p>\n<p>Incub\u00e9 par \u00c9tang d&rsquo;Arts, Ensemble l\u00e0-bas engagera des travailleurs artistiques en qu\u00eate d&rsquo;\u00e9quit\u00e9 de tout le Canada pour co-cr\u00e9er des visions de ce que la justice num\u00e9rique signifie et ressemble pour eux. Les activit\u00e9s pr\u00e9vues en 2022-23 comprennent une r\u00e9sidence de r\u00e9flexion sur la cocr\u00e9ation dans le domaine du num\u00e9rique (juin \u00e0 octobre 2022), des ateliers de connaissances sur la conception centr\u00e9e sur l&rsquo;humain pour la communaut\u00e9 \u00e9largie (septembre \u00e0 d\u00e9cembre 2022) et un symposium international (hiver\/printemps 2023). Au cours de la r\u00e9sidence de r\u00e9flexion, une douzaine de participants r\u00e9mun\u00e9r\u00e9s \u00e9tudieront diverses mani\u00e8res d&rsquo;exprimer leurs points de vue personnels et collectifs sur la justice num\u00e9rique au moyen de supports cr\u00e9atifs de leur choix. Des ateliers en ligne gratuits donneront l&rsquo;occasion aux membres du public de partager leurs points de vue, tandis que le symposium en ligne invitera un \u00e9ventail d&rsquo;orateurs invit\u00e9s \u00e0 discuter des questions de justice num\u00e9rique dans les communaut\u00e9s artistiques du monde entier. Les exp\u00e9riences cr\u00e9atives et la sagesse qui d\u00e9coulent d&rsquo;Ensemble l\u00e0-bas seront pr\u00e9sent\u00e9es dans une ressource omnim\u00e9dia accessible qui sera publi\u00e9e \u00e0 la fin du projet.<\/p>\n<p>Les communaut\u00e9s participantes prioritaires pour cette initiative comprennent les travailleurs autochtones, racis\u00e9s (Noirs et autres personnes de couleur), hors du noyau central (banlieues, zones rurales, r\u00e9gions \u00e9loign\u00e9es) et handicap\u00e9s (S\/sourds, aveugles, neurodivers et autres handicap\u00e9s) de toutes les disciplines artistiques au Canada.<\/p>\n<p>Ensemble l\u00e0-bas est rendu possible gr\u00e2ce au g\u00e9n\u00e9reux soutien du fonds Strat\u00e9gie num\u00e9rique du Conseil des arts du Canada. Plusieurs postes sont actuellement disponibles pour ce projet, notamment ceux de programmateur de la r\u00e9sidence de r\u00e9flexion, de programmateur du symposium et de responsable du travail. Le poste suivant est destin\u00e9 aux programmateurs de la r\u00e9sidence de r\u00e9flexion. Voir toutes les offres d&#8217;emploi sur<a href=\"https:\/\/artspond.com\/fr\/emplois\/\">ArtsPond.com\/emplois<\/a>.<\/p>\n<p><strong>\u00a0<\/strong><\/p>\n<h3><strong>\u00c0 propos de la poste<\/strong><\/h3>\n<p><strong>Ensemble l\u00e0-bas, programmateurs de la r\u00e9sidence de r\u00e9flexion sur la justice num\u00e9rique<\/strong>font partie int\u00e9grante de l&rsquo;\u00e9quipe d&rsquo;\u00c9tang d&rsquo;Arts charg\u00e9e du d\u00e9veloppement des connaissances et de l&rsquo;\u00e9cosyst\u00e8me de la justice sociale et num\u00e9rique. En collaboration avec les responsables ex\u00e9cutifs et de travail et d&rsquo;autres membres du personnel de soutien, les titulaires seront charg\u00e9s de soutenir le d\u00e9veloppement curatorial d&rsquo;une r\u00e9sidence de r\u00e9flexion cr\u00e9ative et d&rsquo;autres activit\u00e9s participatives qui contribuent \u00e0 renforcer la compr\u00e9hension et la sensibilisation aux questions de justice num\u00e9rique dans les arts.<\/p>\n<p>Refl\u00e9tant les quatre communaut\u00e9s prioritaires que nous avons identifi\u00e9es pour la r\u00e9sidence, il y a quatre (4) postes de conservateurs disponibles pour ce r\u00f4le :<\/p>\n<ul>\n<li>Autochtone (1 poste)<\/li>\n<li>Noires, Brunes et autres personnes de couleur,(1 poste)<\/li>\n<li>Banlieusards, ruraux, \u00e9loign\u00e9s et autres personnes vivant \u00e0 l&rsquo;ext\u00e9rieur du centre-ville (1 poste)<\/li>\n<li>S\/sourds, aveugles, neurodivers, infirmes et autres personnes handicap\u00e9es (1 poste).<\/li>\n<\/ul>\n<p>Les programmateurs seront principalement responsables de la s\u00e9lection et du soutien cr\u00e9atif des r\u00e9sidents participants. Les r\u00e9sidents peuvent \u00eatre des artistes, des conservateurs, des \u00e9ducateurs et des producteurs issus de ces quatre communaut\u00e9s prioritaires et de toute discipline artistique au Canada. \u00a0Au cours d&rsquo;une r\u00e9sidence en ligne de six mois, 10 \u00e0 15 r\u00e9sidents participants seront pay\u00e9s pour \u00e9tudier divers moyens de partager des points de vue artistiques sur un monde num\u00e9rique inclusif, juste, \u00e9quitable, abordable et accessible, un monde qui r\u00e9duit les pr\u00e9judices socio-techniques et renforce le respect de la diversit\u00e9 de la vie humaine, virtuelle et naturelle. \u00a0\u00c0 la fin de la r\u00e9sidence, nous esp\u00e9rons que les points de vue individuels et collectifs des participants se seront rassembl\u00e9s sous forme d&rsquo;id\u00e9es provocantes pour des exp\u00e9riences artistiques low-fi, des m\u00e8mes viraux, des propositions po\u00e9tiques, des r\u00e9imaginations r\u00e9fl\u00e9chies, des souvenirs, des r\u00e9cits oraux et d&rsquo;autres approches cr\u00e9atives dans le m\u00e9dia de leur choix. Ces expressions seront publi\u00e9es sous la forme d&rsquo;une ressource num\u00e9rique omnim\u00e9dia accessible \u00e0 la fin du projet.<\/p>\n<p>&nbsp;<\/p>\n<h3><strong>Responsabilit\u00e9s<\/strong><\/h3>\n<p>Les responsabilit\u00e9s de chaque curateur de r\u00e9sidence peuvent varier en fonction des int\u00e9r\u00eats et des comp\u00e9tences des quatre titulaires. Nos objectifs sont de s\u00e9lectionner et de soutenir la croissance cr\u00e9ative et professionnelle de quatre personnes capables de travailler ensemble en tant qu&rsquo;\u00e9quipe pour r\u00e9aliser trois \u00e9tapes cl\u00e9s :<\/p>\n<ul>\n<li><strong>Co-conception de la r\u00e9sidence de r\u00e9flexion cr\u00e9ative<\/strong><br \/>\nEn \u00e9troite collaboration avec le producteur ex\u00e9cutif, contribuer \u00e0 la co-conception d&rsquo;une r\u00e9sidence de r\u00e9flexion cr\u00e9ative sur les questions de justice num\u00e9rique qui favorise un environnement inspirant, imaginatif, conscient, s\u00fbr et respectueux pour les participants. Les contributions valoris\u00e9es peuvent inclure : une recherche cr\u00e9ative sur les sujets de justice num\u00e9rique \u00e0 d\u00e9battre ; des suggestions de technologies pour l&rsquo;engagement cr\u00e9atif des participants en ligne ; et\/ou une contribution au programme g\u00e9n\u00e9ral de recherche de connaissances pour la r\u00e9sidence, avec une r\u00e9flexion individuelle et collective, un brainstorming et d&rsquo;autres activit\u00e9s de co-cr\u00e9ation participative et de conception centr\u00e9e sur l&rsquo;humain. L&rsquo;int\u00e9gration des programmateurs et la planification pr\u00e9alable de la r\u00e9sidence commencent id\u00e9alement entre la mi-mars et le d\u00e9but avril 2022..<\/li>\n<\/ul>\n<p>&nbsp;<\/p>\n<ul>\n<li><strong>Recrutement et mentorat des participants<br \/>\n<\/strong>En collaboration avec les autres programmateurs et les membres de l&rsquo;\u00e9quipe, fournir des recommandations en mati\u00e8re de conservation et soutenir le recrutement de participants issus des quatre communaut\u00e9s identifi\u00e9es comme \u00e9tant en qu\u00eate d&rsquo;\u00e9quit\u00e9 (cr\u00e9ateurs, conservateurs, \u00e9ducateurs et producteurs de toute discipline artistique au Canada, autochtones, racis\u00e9s, en dehors du noyau central et handicap\u00e9s). Les conservateurs qui sont pr\u00eats et capables de fournir un mentorat ou d&rsquo;autres soutiens personnels et professionnels sont souhait\u00e9s afin de faciliter le parcours d&rsquo;apprentissage des participants en qu\u00eate d&rsquo;\u00e9quit\u00e9. L&rsquo;attention et le soin attentifs sont un pr\u00e9requis pour s&rsquo;engager avec divers groupes confront\u00e9s aux impacts de l&rsquo;oppression syst\u00e9mique, du racisme, de l&rsquo;in\u00e9galit\u00e9, de la pr\u00e9carit\u00e9, de l&rsquo;effacement et du pr\u00e9judice dans leur vie r\u00e9elle et virtuelle. Pour inspirer les participants, on souhaite \u00e9galement des titulaires qui peuvent recommander des conf\u00e9renciers invit\u00e9s sur des sujets num\u00e9riques de partout dans le monde. Les programmateurs peuvent \u00e9galement proposer d&rsquo;animer une session sur un sujet pertinent qui les int\u00e9resse. Le recrutement des participants commence fin avril\/mai 2022 pour un d\u00e9but de r\u00e9sidence \u00e0 la mi-juin 2022. Quelques sessions d&rsquo;accueil des r\u00e9sidents auront lieu en juin et ao\u00fbt 2022 afin de pr\u00e9parer les participants \u00e0 la r\u00e9flexion individuelle pendant les mois d&rsquo;\u00e9t\u00e9. La p\u00e9riode de r\u00e9sidence la plus intensive aura lieu en septembre et octobre 2022, avec des s\u00e9ances hebdomadaires individuelles et en groupe pour les r\u00e9sidents.<\/li>\n<\/ul>\n<p>&nbsp;<\/p>\n<ul>\n<li><strong>Gestion et \u00e9valuation des connaissances<br \/>\n<\/strong>En collaboration avec les responsables du travail, soutenir les activit\u00e9s de gestion des connaissances et d&rsquo;\u00e9valuation du projet, y compris la documentation interne et la diffusion externe des activit\u00e9s, des apprentissages et de l&rsquo;impact des participants. De novembre 2022 \u00e0 l&rsquo;hiver 2023, offrir une contribution cr\u00e9ative au concepteur omnim\u00e9dia pour aider \u00e0 rassembler les pens\u00e9es et les cr\u00e9ations des participants \u00e0 la r\u00e9sidence en une ressource publique coh\u00e9rente appropri\u00e9e \u00e0 la diffusion num\u00e9rique. Fournir des recommandations sur la fa\u00e7on de lancer cette ressource dans le cadre du symposium international sur la justice num\u00e9rique et les arts qui aura lieu \u00e0 l&rsquo;hiver ou au printemps 2023. A la fin du projet, recommander des possibilit\u00e9s d&rsquo;am\u00e9liorer la programmation future d&rsquo;\u00c9tang d&rsquo;Arts sur la base des enseignements tir\u00e9s du projet.<\/li>\n<\/ul>\n<p>&nbsp;<\/p>\n<h3><strong>Qualifications<\/strong><\/h3>\n<p>Le(s) candidat(s) id\u00e9al(aux) devrai(en)t \u00eatre\/avoir:<\/p>\n<ul>\n<li>Tr\u00e8s cr\u00e9atif, \u00e9nergique et int\u00e9ress\u00e9 par les id\u00e9es et les sujets li\u00e9s \u00e0 la justice num\u00e9rique \u00e0 l&rsquo;int\u00e9rieur et \u00e0 l&rsquo;ext\u00e9rieur des arts.<\/li>\n<li>Un collaborateur naturel, un esprit d&rsquo;initiative, capable de s&rsquo;adapter et d&rsquo;acqu\u00e9rir rapidement de nouvelles comp\u00e9tences, avec une exp\u00e9rience de travail aux c\u00f4t\u00e9s de diff\u00e9rentes parties prenantes pour mener \u00e0 bien des projets.<\/li>\n<li>Une connaissance approfondie ou une passion pour la technologie num\u00e9rique et les industries artistiques, cr\u00e9atives et culturelles au Canada.<\/li>\n<li>Exp\u00e9rience v\u00e9cue au sein d&rsquo;un ou de plusieurs groupes prioritaires en mati\u00e8re d&rsquo;\u00e9quit\u00e9 \u00e0 l&rsquo;\u00e9chelle nationale et internationale, ou ensemble exceptionnel d&rsquo;expertise et de connaissances sur ces groupes, notamment:\n<ul>\n<li>Les autochtones ou les personnes racis\u00e9es (Noirs, Bruns et autres personnes de couleur)<\/li>\n<li>\u00c0 l&rsquo;ext\u00e9rieur du noyau central (banlieues, r\u00e9gions rurales, r\u00e9gions \u00e9loign\u00e9es)<\/li>\n<li>Handicap (S\/sourds, aveugles, neurodivers, et autres personnes handicap\u00e9es)<\/li>\n<\/ul>\n<\/li>\n<li>Une exp\u00e9rience dans la conservation, la conception, l&rsquo;animation et\/ou la participation \u00e0 des conf\u00e9rences ou des symposiums num\u00e9riques est un atout.<\/li>\n<li>Solides comp\u00e9tences en lecture, en communication verbale et \u00e9crite en anglais et\/ou en fran\u00e7ais et\/ou dans une langue autochtone du Canada.<\/li>\n<li>Haut niveau de familiarit\u00e9 avec les programmes informatiques, en particulier Microsoft Office365<\/li>\n<li>Capacit\u00e9 \u00e0 maintenir une attitude positive pour atteindre les objectifs, y compris une excellente communication interpersonnelle et le souci du d\u00e9tail.<\/li>\n<li>Acc\u00e8s \u00e0 un bureau \u00e0 domicile, y compris un ordinateur personnel (Windows ou Mac OS) et Internet.<\/li>\n<\/ul>\n<p>&nbsp;<\/p>\n<h3><strong>R\u00e9mun\u00e9ration<\/strong><\/h3>\n<p>Il s&rsquo;agit d&rsquo;un contrat flexible, \u00e0 temps partiel et ind\u00e9pendant (non-employ\u00e9) du printemps 2022 \u00e0 l&rsquo;hiver 2023. \u00a0La r\u00e9mun\u00e9ration est de $10,625 maximum par poste\u00a0Les postes restent ouverts jusqu&rsquo;\u00e0 ce qu&rsquo;ils soient pourvus.<\/p>\n<p><strong>Postuler<\/strong><\/p>\n<p>Veuillez envoyer une lettre de motivation et un curriculum vitae d\u00e9crivant vos comp\u00e9tences et vos int\u00e9r\u00eats en rapport avec le poste \u00e0 l&rsquo;adresse suivante :<\/p>\n<p>Jessa Agilo, fondatrice, pr\u00e9sidente + CEO<br \/>\nArtsPond \/ \u00c9tang d&rsquo;Arts<br \/>\n<a href=\"mailto:jobs@artspond.com\">jobs@artspond.com<\/a><\/p>\n<p>Veuillez mentionner ce qui suit dans l&rsquo;objet de votre message :<\/p>\n<p>\u00ab\u00a022130 Programmateur de r\u00e9sidence, Ensemble l\u00e0-bas\u00a0\u00bb<\/p>\n<p>Vous avez des questions ? Planifiez une <strong><a href=\"https:\/\/artspond.com\/fr\/explore-with-jessa\/\">s\u00e9ance d&rsquo;information exploratoire en t\u00eate-\u00e0-t\u00eate<\/a><\/strong> avec Jessa ou assistez \u00e0 une s\u00e9ance d&rsquo;information via Zoom <strong><a href=\"https:\/\/artspond.com\/fr\/2022\/01\/26\/together-there-info-session\/\">le 7 f\u00e9vrier 2022 \u00e0 13 heures, heure de l&rsquo;Est.<\/a><\/strong><\/p>\n<p>&nbsp;<\/p>\n<p>\u00c9tang d&rsquo;Arts est un employeur offrant l&rsquo;\u00e9galit\u00e9 des chances. Tous les candidats qualifi\u00e9s seront consid\u00e9r\u00e9s pour un emploi sans \u00e9gard \u00e0 l&rsquo;\u00e2ge, l&rsquo;ascendance, la citoyennet\u00e9, la croyance (religion), la couleur, le handicap, l&rsquo;origine ethnique, le statut familial, l&rsquo;identit\u00e9 ou l&rsquo;expression de genre, le lieu d&rsquo;origine ou la race, le statut d&rsquo;ancien combattant ou tout autre statut prot\u00e9g\u00e9 par les lois f\u00e9d\u00e9rales, provinciales ou locales. Nous encourageons particuli\u00e8rement les groupes soucieux d&rsquo;\u00e9quit\u00e9, notamment les Autochtones, les Noirs et les autres personnes de couleur, les personnes handicap\u00e9es, les personnes 2SLGBTQIA+, les femmes, les n\u00e9o-Canadiens, les minorit\u00e9s visibles et les autres identit\u00e9s, cultures et origines diverses \u00e0 poser leur candidature. Nous remercions tous ceux qui prennent le temps de postuler, mais nous ne communiquerons qu&rsquo;avec les personnes s\u00e9lectionn\u00e9es pour une entrevue.<\/p>\n<p>&nbsp;<\/p>\n","protected":false},"author":1,"featured_media":0,"template":"","meta":{"_promoted":"","_job_location":"Canada","_application":"jobs@artspond.com","_company_name":"","_company_website":"","_company_tagline":"","_company_twitter":"","_company_video":"","_filled":0,"_featured":0,"_remote_position":0,"_job_salary":"","_job_salary_currency":"","_job_salary_unit":""},"job-categories":[],"job-types":[298],"class_list":{"0":"post-10636","1":"job_listing","2":"type-job_listing","3":"status-expired","4":"hentry","6":"job-type-freelance"},"yoast_head":"<!-- This site is optimized with the Yoast SEO plugin v27.5 - https:\/\/yoast.com\/product\/yoast-seo-wordpress\/ -->\n<title>22110 Programmateur, R\u00e9sidence de r\u00e9flexion sur la justice num\u00e9rique (4 postes) - ArtsPond<\/title>\n<meta name=\"description\" content=\"ArtsPond recrute des conservateurs soucieux d&#039;\u00e9quit\u00e9 de partout au Canada pour sa r\u00e9sidence de r\u00e9flexion sur la justice num\u00e9rique Together There. Postulez d\u00e8s aujourd&#039;hui !\" \/>\n<meta name=\"robots\" content=\"index, follow, max-snippet:-1, max-image-preview:large, max-video-preview:-1\" \/>\n<link rel=\"canonical\" href=\"https:\/\/artspond.com\/fr\/?post_type=job_listing&p=10636\" \/>\n<meta property=\"og:locale\" content=\"fr_FR\" \/>\n<meta property=\"og:type\" content=\"article\" \/>\n<meta property=\"og:title\" content=\"22110 Programmateur, R\u00e9sidence de r\u00e9flexion sur la justice num\u00e9rique (4 postes) - ArtsPond\" \/>\n<meta property=\"og:description\" content=\"ArtsPond recrute des conservateurs soucieux d&#039;\u00e9quit\u00e9 de partout au Canada pour sa r\u00e9sidence de r\u00e9flexion sur la justice num\u00e9rique Together There. Postulez d\u00e8s aujourd&#039;hui !\" \/>\n<meta property=\"og:url\" content=\"https:\/\/artspond.com\/fr\/?post_type=job_listing&amp;p=10636\" \/>\n<meta property=\"og:site_name\" content=\"ArtsPond\" \/>\n<meta property=\"article:modified_time\" content=\"2022-06-02T04:41:38+00:00\" \/>\n<meta property=\"og:image\" content=\"https:\/\/artspond.com\/wp-content\/uploads\/2022\/01\/2022-01-26-TGT-Out_TWp.jpg\" \/>\n<meta name=\"twitter:card\" content=\"summary_large_image\" \/>\n<meta name=\"twitter:image\" content=\"https:\/\/artspond.com\/wp-content\/uploads\/2022\/01\/2022-01-26-TGT-Out_TWp.jpg\" \/>\n<meta name=\"twitter:label1\" content=\"Dur\u00e9e de lecture estim\u00e9e\" \/>\n\t<meta name=\"twitter:data1\" content=\"10 minutes\" \/>\n<script type=\"application\/ld+json\" class=\"yoast-schema-graph\">{\"@context\":\"https:\\\/\\\/schema.org\",\"@graph\":[{\"@type\":\"WebPage\",\"@id\":\"https:\\\/\\\/artspond.com\\\/fr\\\/?post_type=job_listing&p=10636\",\"url\":\"https:\\\/\\\/artspond.com\\\/fr\\\/?post_type=job_listing&p=10636\",\"name\":\"22110 Programmateur, R\u00e9sidence de r\u00e9flexion sur la justice num\u00e9rique (4 postes) - ArtsPond\",\"isPartOf\":{\"@id\":\"https:\\\/\\\/artspond.com\\\/fr\\\/#website\"},\"datePublished\":\"2022-01-26T02:06:05+00:00\",\"dateModified\":\"2022-06-02T04:41:38+00:00\",\"description\":\"ArtsPond recrute des conservateurs soucieux d'\u00e9quit\u00e9 de partout au Canada pour sa r\u00e9sidence de r\u00e9flexion sur la justice num\u00e9rique Together There. Postulez d\u00e8s aujourd'hui !\",\"breadcrumb\":{\"@id\":\"https:\\\/\\\/artspond.com\\\/fr\\\/?post_type=job_listing&p=10636#breadcrumb\"},\"inLanguage\":\"fr-FR\",\"potentialAction\":[{\"@type\":\"ReadAction\",\"target\":[\"https:\\\/\\\/artspond.com\\\/fr\\\/?post_type=job_listing&p=10636\"]}]},{\"@type\":\"BreadcrumbList\",\"@id\":\"https:\\\/\\\/artspond.com\\\/fr\\\/?post_type=job_listing&p=10636#breadcrumb\",\"itemListElement\":[{\"@type\":\"ListItem\",\"position\":1,\"name\":\"Home\",\"item\":\"https:\\\/\\\/artspond.com\\\/fr\\\/\"},{\"@type\":\"ListItem\",\"position\":2,\"name\":\"22110 Programmateur, R\u00e9sidence de r\u00e9flexion sur la justice num\u00e9rique (4 postes)\"}]},{\"@type\":\"WebSite\",\"@id\":\"https:\\\/\\\/artspond.com\\\/fr\\\/#website\",\"url\":\"https:\\\/\\\/artspond.com\\\/fr\\\/\",\"name\":\"ArtsPond\",\"description\":\"\",\"potentialAction\":[{\"@type\":\"SearchAction\",\"target\":{\"@type\":\"EntryPoint\",\"urlTemplate\":\"https:\\\/\\\/artspond.com\\\/fr\\\/?s={search_term_string}\"},\"query-input\":{\"@type\":\"PropertyValueSpecification\",\"valueRequired\":true,\"valueName\":\"search_term_string\"}}],\"inLanguage\":\"fr-FR\"}]}<\/script>\n<!-- \/ Yoast SEO plugin. -->","yoast_head_json":{"title":"22110 Programmateur, R\u00e9sidence de r\u00e9flexion sur la justice num\u00e9rique (4 postes) - ArtsPond","description":"ArtsPond recrute des conservateurs soucieux d'\u00e9quit\u00e9 de partout au Canada pour sa r\u00e9sidence de r\u00e9flexion sur la justice num\u00e9rique Together There. Postulez d\u00e8s aujourd'hui !","robots":{"index":"index","follow":"follow","max-snippet":"max-snippet:-1","max-image-preview":"max-image-preview:large","max-video-preview":"max-video-preview:-1"},"canonical":"https:\/\/artspond.com\/fr\/?post_type=job_listing&p=10636","og_locale":"fr_FR","og_type":"article","og_title":"22110 Programmateur, R\u00e9sidence de r\u00e9flexion sur la justice num\u00e9rique (4 postes) - ArtsPond","og_description":"ArtsPond recrute des conservateurs soucieux d'\u00e9quit\u00e9 de partout au Canada pour sa r\u00e9sidence de r\u00e9flexion sur la justice num\u00e9rique Together There. Postulez d\u00e8s aujourd'hui !","og_url":"https:\/\/artspond.com\/fr\/?post_type=job_listing&p=10636","og_site_name":"ArtsPond","article_modified_time":"2022-06-02T04:41:38+00:00","og_image":[{"url":"https:\/\/artspond.com\/wp-content\/uploads\/2022\/01\/2022-01-26-TGT-Out_TWp.jpg","type":"","width":"","height":""}],"twitter_card":"summary_large_image","twitter_image":"https:\/\/artspond.com\/wp-content\/uploads\/2022\/01\/2022-01-26-TGT-Out_TWp.jpg","twitter_misc":{"Dur\u00e9e de lecture estim\u00e9e":"10 minutes"},"schema":{"@context":"https:\/\/schema.org","@graph":[{"@type":"WebPage","@id":"https:\/\/artspond.com\/fr\/?post_type=job_listing&p=10636","url":"https:\/\/artspond.com\/fr\/?post_type=job_listing&p=10636","name":"22110 Programmateur, R\u00e9sidence de r\u00e9flexion sur la justice num\u00e9rique (4 postes) - ArtsPond","isPartOf":{"@id":"https:\/\/artspond.com\/fr\/#website"},"datePublished":"2022-01-26T02:06:05+00:00","dateModified":"2022-06-02T04:41:38+00:00","description":"ArtsPond recrute des conservateurs soucieux d'\u00e9quit\u00e9 de partout au Canada pour sa r\u00e9sidence de r\u00e9flexion sur la justice num\u00e9rique Together There. Postulez d\u00e8s aujourd'hui !","breadcrumb":{"@id":"https:\/\/artspond.com\/fr\/?post_type=job_listing&p=10636#breadcrumb"},"inLanguage":"fr-FR","potentialAction":[{"@type":"ReadAction","target":["https:\/\/artspond.com\/fr\/?post_type=job_listing&p=10636"]}]},{"@type":"BreadcrumbList","@id":"https:\/\/artspond.com\/fr\/?post_type=job_listing&p=10636#breadcrumb","itemListElement":[{"@type":"ListItem","position":1,"name":"Home","item":"https:\/\/artspond.com\/fr\/"},{"@type":"ListItem","position":2,"name":"22110 Programmateur, R\u00e9sidence de r\u00e9flexion sur la justice num\u00e9rique (4 postes)"}]},{"@type":"WebSite","@id":"https:\/\/artspond.com\/fr\/#website","url":"https:\/\/artspond.com\/fr\/","name":"ArtsPond","description":"","potentialAction":[{"@type":"SearchAction","target":{"@type":"EntryPoint","urlTemplate":"https:\/\/artspond.com\/fr\/?s={search_term_string}"},"query-input":{"@type":"PropertyValueSpecification","valueRequired":true,"valueName":"search_term_string"}}],"inLanguage":"fr-FR"}]}},"_links":{"self":[{"href":"https:\/\/artspond.com\/fr\/wp-json\/wp\/v2\/job-listings\/10636","targetHints":{"allow":["GET"]}}],"collection":[{"href":"https:\/\/artspond.com\/fr\/wp-json\/wp\/v2\/job-listings"}],"about":[{"href":"https:\/\/artspond.com\/fr\/wp-json\/wp\/v2\/types\/job_listing"}],"author":[{"embeddable":true,"href":"https:\/\/artspond.com\/fr\/wp-json\/wp\/v2\/users\/1"}],"wp:attachment":[{"href":"https:\/\/artspond.com\/fr\/wp-json\/wp\/v2\/media?parent=10636"}],"wp:term":[{"taxonomy":"job_listing_category","embeddable":true,"href":"https:\/\/artspond.com\/fr\/wp-json\/wp\/v2\/job-categories?post=10636"},{"taxonomy":"job_listing_type","embeddable":true,"href":"https:\/\/artspond.com\/fr\/wp-json\/wp\/v2\/job-types?post=10636"}],"curies":[{"name":"wp","href":"https:\/\/api.w.org\/{rel}","templated":true}]}}