{"id":10635,"date":"2022-01-25T21:18:19","date_gmt":"2022-01-26T02:18:19","guid":{"rendered":"https:\/\/artspond.com\/job\/22120-programmateur-symposium-sur-la-justice-numerique-4-postes\/"},"modified":"2022-06-02T00:41:38","modified_gmt":"2022-06-02T04:41:38","slug":"22120-programmateur-symposium-sur-la-justice-numerique-4-postes","status":"expired","type":"job_listing","link":"https:\/\/artspond.com\/fr\/?post_type=job_listing&p=10635","title":{"rendered":"22120 Programmateur, Symposium sur la justice num\u00e9rique (4 postes)"},"content":{"rendered":"<h3><strong>\u00c0 propos d&rsquo;\u00c9tang d&rsquo;Arts<\/strong><\/h3>\n<p>Joignez-vous \u00e0 notre \u00e9quipe et jouez un r\u00f4le dans l&rsquo;avancement de l&rsquo;\u00e9quit\u00e9 et de la justice au Canada. \u00c9tang d&rsquo;arts est un fournisseur de soins et un agent de changement d&rsquo;une sorte diff\u00e9rent. Notre mandat est d&rsquo;entretenir des \u00e9cosyst\u00e8mes sains qui soutiennent la justice sociale, spatiale, \u00e9conomique, \u00e9cologique, num\u00e9rique et d&rsquo;accessibilit\u00e9 dans la vie humaine, virtuelle et naturelle. Pour ce faire, nous encourageons les actions de coop\u00e9ration en fusionnant la sagesse et les valeurs de l&rsquo;innovation sociale et des arts.<\/p>\n<p>&nbsp;<\/p>\n<h3><strong>\u00c0 propos du projet<\/strong><\/h3>\n<p>Ensemble l\u00e0-bas est une r\u00e9sidence de r\u00e9flexion cr\u00e9ative en ligne et un effort de construction d&rsquo;\u00e9cosyst\u00e8me pour envisager collectivement un avenir num\u00e9rique juste et bienveillant, men\u00e9 avec, par et pour des cr\u00e9ateurs, des conservateurs, des \u00e9ducateurs et des producteurs d&rsquo;art et de culture canadiens soucieux d&rsquo;\u00e9quit\u00e9.<\/p>\n<p>La pand\u00e9mie a donn\u00e9 vie \u00e0 la demande urgente d&rsquo;\u00e9cologies num\u00e9riques qui renforcent la connectivit\u00e9, la durabilit\u00e9 et la survie des communaut\u00e9s autochtones, racis\u00e9es, rurales-\u00e9loign\u00e9es, handicap\u00e9es et autres communaut\u00e9s marginalis\u00e9es et mal desservies. La perspective de la justice num\u00e9rique invite \u00e0 poser la question suivante : \u00c0 quoi ressembleraient nos mondes humains si les \u00e9conomies et les infrastructures num\u00e9riques \u00e9taient toutes \u00e9galement enracin\u00e9es dans des pratiques attentives de justice et de soin pour les communaut\u00e9s en qu\u00eate d&rsquo;\u00e9quit\u00e9, plut\u00f4t que dans les r\u00e9alit\u00e9s plus souvent oppressives du capitalisme de plateforme ?<\/p>\n<p>Incub\u00e9 par \u00c9tang d&rsquo;Arts, Ensemble l\u00e0-bas engagera des travailleurs artistiques en qu\u00eate d&rsquo;\u00e9quit\u00e9 de tout le Canada pour co-cr\u00e9er des visions de ce que la justice num\u00e9rique signifie et ressemble pour eux. Les activit\u00e9s pr\u00e9vues en 2022-23 comprennent une r\u00e9sidence de r\u00e9flexion sur la cocr\u00e9ation dans le domaine du num\u00e9rique (juin \u00e0 octobre 2022), des ateliers de connaissances sur la conception centr\u00e9e sur l&rsquo;humain pour la communaut\u00e9 \u00e9largie (septembre \u00e0 d\u00e9cembre 2022) et un symposium international (hiver\/printemps 2023). Au cours de la r\u00e9sidence de r\u00e9flexion, une douzaine de participants r\u00e9mun\u00e9r\u00e9s \u00e9tudieront diverses mani\u00e8res d&rsquo;exprimer leurs points de vue personnels et collectifs sur la justice num\u00e9rique au moyen de supports cr\u00e9atifs de leur choix. Des ateliers en ligne gratuits donneront l&rsquo;occasion aux membres du public de partager leurs points de vue, tandis que le symposium en ligne invitera un \u00e9ventail d&rsquo;orateurs invit\u00e9s \u00e0 discuter des questions de justice num\u00e9rique dans les communaut\u00e9s artistiques du monde entier. Les exp\u00e9riences cr\u00e9atives et la sagesse qui d\u00e9coulent d&rsquo;Ensemble l\u00e0-bas seront pr\u00e9sent\u00e9es dans une ressource omnim\u00e9dia accessible qui sera publi\u00e9e \u00e0 la fin du projet.<\/p>\n<p>Les communaut\u00e9s participantes prioritaires pour cette initiative comprennent les travailleurs autochtones, racis\u00e9s (Noirs et autres personnes de couleur), hors du noyau central (banlieues, zones rurales, r\u00e9gions \u00e9loign\u00e9es) et handicap\u00e9s (S\/sourds, aveugles, neurodivers et autres handicap\u00e9s) de toutes les disciplines artistiques au Canada.<\/p>\n<p>Ensemble l\u00e0-bas est rendu possible gr\u00e2ce au g\u00e9n\u00e9reux soutien du fonds Strat\u00e9gie num\u00e9rique du Conseil des arts du Canada. Plusieurs postes sont actuellement disponibles pour ce projet, notamment ceux de conservateur de la r\u00e9sidence de r\u00e9flexion, de programmateur du symposium et de responsable du travail. Ce poste est destin\u00e9 aux programmateurs du symposium. Voir toutes les offres d&#8217;emploi sur <a href=\"https:\/\/artspond.com\/fr\/emplois\/\">ArtsPond.com\/jobs. <\/a><\/p>\n<p><strong>\u00a0<\/strong><\/p>\n<h3><strong>\u00c0 propos de la poste<\/strong><\/h3>\n<p><strong>Ensemble l\u00e0-bas, programmateurs du Symposium sur la justice num\u00e9rique <\/strong>font partie int\u00e9grante de l&rsquo;\u00e9quipe d&rsquo;\u00c9tang d&rsquo;Arts charg\u00e9e de la connaissance de la justice sociale et num\u00e9rique et de la construction de l&rsquo;\u00e9cosyst\u00e8me. Il y a quatre (4) postes disponibles pour ce r\u00f4le, repr\u00e9sentant les communaut\u00e9s prioritaires suivantes:<\/p>\n<ul>\n<li>IAutochtone (1 poste)<\/li>\n<li>Noirs, Bruns et autres personnes de couleur (1 poste)<\/li>\n<li>Banlieusards, rural, \u00e9loign\u00e9, et autres en dehors du centre-ville (1 poste)<\/li>\n<li>S\/sourds, aveugles, neurodivers, infirmes et autres handicap\u00e9s (1 poste).<\/li>\n<\/ul>\n<p>En collaboration avec les responsables ex\u00e9cutifs et les responsables de travail et d&rsquo;autres membres du personnel de soutien, les titulaires seront charg\u00e9s de soutenir la conception collaborative d&rsquo;un symposium en ligne (ou d&rsquo;autres activit\u00e9s de partage des connaissances sur le num\u00e9rique) qui contribue \u00e0 renforcer la compr\u00e9hension et la sensibilisation aux exp\u00e9riences, tendances et \u00e9tudes internationales sur la justice num\u00e9rique et les arts.<\/p>\n<p>&nbsp;<\/p>\n<h3><strong>Responsabilit\u00e9s<\/strong><\/h3>\n<p>Les responsabilit\u00e9s de chaque conservateur de symposium peuvent varier en fonction des int\u00e9r\u00eats et des comp\u00e9tences des quatre titulaires. Nos objectifs sont de s\u00e9lectionner et de soutenir la croissance cr\u00e9ative et professionnelle de quatre personnes capables de travailler ensemble, en \u00e9quipe, pour r\u00e9aliser trois \u00e9tapes cl\u00e9s:<\/p>\n<ul>\n<li><strong>Conception th\u00e9matique et programmatique<\/strong><br \/>\nEn \u00e9troite collaboration avec le producteur ex\u00e9cutif, contribuer \u00e0 la co-conception d&rsquo;un symposium engageant \u00e0 base num\u00e9rique ou d&rsquo;autres activit\u00e9s de partage des connaissances qui favorisent des environnements inspirants, imaginatifs, attentifs, s\u00fbrs et respectueux pour les participants. Les contributions appr\u00e9ci\u00e9es peuvent inclure : Rechercher et fournir des recommandations cr\u00e9atives sur les th\u00e8mes et sujets de discussion \u00e9mergents en mati\u00e8re de justice num\u00e9rique ; sugg\u00e9rer des technologies, des strat\u00e9gies d&rsquo;apprentissage participatif et d&rsquo;autres pratiques judicieuses pour un engagement en ligne informatif mais accessible des conf\u00e9renciers invit\u00e9s et des d\u00e9l\u00e9gu\u00e9s ; examiner et int\u00e9grer les le\u00e7ons tir\u00e9es d&rsquo;autres activit\u00e9s d&rsquo;Ensemble l\u00e0-bas, notamment la r\u00e9sidence de pens\u00e9e cr\u00e9ative et les ateliers publics. L&rsquo;int\u00e9gration des conservateurs et la planification pr\u00e9alable du symposium commencent id\u00e9alement entre la mi-mai et le d\u00e9but juin 2022. La planification autonome pendant les mois d&rsquo;\u00e9t\u00e9 culminera par un brainstorming en \u00e9quipe et une prise de d\u00e9cision par consensus en septembre et d\u00e9but octobre 2022.<\/li>\n<\/ul>\n<p>&nbsp;<\/p>\n<ul>\n<li><strong>S\u00e9lection et soutien des orateurs invit\u00e9s<br \/>\n<\/strong>En collaboration avec les autres conservateurs et les membres de l&rsquo;\u00e9quipe, fournir des recommandations en mati\u00e8re de conservation et soutenir le recrutement de jusqu&rsquo;\u00e0 trois douzaines (36) de conf\u00e9renciers invit\u00e9s internationaux ayant des perspectives pertinentes et inform\u00e9es des quatre communaut\u00e9s identifi\u00e9es ( l&rsquo;art des Autochtones, racis\u00e9es, hors du noyau et du handicap). Les conservateurs doivent \u00eatre pr\u00eats et capables de favoriser des relations de confiance et de respect avec ces groupes en qu\u00eate d&rsquo;\u00e9quit\u00e9. Une attention et un soin attentifs sont un pr\u00e9requis pour s&rsquo;engager avec des communaut\u00e9s souvent confront\u00e9es aux impacts de l&rsquo;oppression syst\u00e9mique, du racisme, de l&rsquo;in\u00e9galit\u00e9, de la pr\u00e9carit\u00e9, de l&rsquo;effacement et du pr\u00e9judice dans leur vie r\u00e9elle et virtuelle. Le recrutement des intervenants devrait \u00eatre termin\u00e9 \u00e0 temps pour un \u00e9v\u00e9nement pr\u00e9vu \u00e0 la fin de l&rsquo;hiver ou au printemps 2023. L&rsquo;\u00e9v\u00e9nement peut \u00eatre report\u00e9 \u00e0 l&rsquo;automne 2023 si n\u00e9cessaire.<\/li>\n<\/ul>\n<p>&nbsp;<\/p>\n<ul>\n<li><strong>Sensibilisation des d\u00e9l\u00e9gu\u00e9s et \u00e9valuation des projets<br \/>\n<\/strong>Renforcez les efforts de sensibilisation des d\u00e9l\u00e9gu\u00e9s en fournissant un retour cr\u00e9atif sur la conception des strat\u00e9gies de communication marketing et en partageant les collat\u00e9raux marketing avec vos communaut\u00e9s \u00e0 l&rsquo;hiver 2023.\u00a0 Assister aux \u00e9v\u00e9nements du symposium comme pr\u00e9vu et soutenir les d\u00e9l\u00e9gu\u00e9s dans leur parcours d&rsquo;apprentissage. Soutenir l&rsquo;ensemble des activit\u00e9s de gestion et d&rsquo;\u00e9valuation des connaissances pour le symposium, y compris la documentation interne et la diffusion externe des activit\u00e9s, des apprentissages et de l&rsquo;impact des participants. Soutenir le concepteur omnim\u00e9dia en rassemblant les r\u00e9flexions et le contenu des participants dans une ressource publique coh\u00e9rente appropri\u00e9e \u00e0 la diffusion num\u00e9rique.\u00a0 Fournir des recommandations sur la mani\u00e8re de lancer cette ressource en conclusion du projet. A la fin du projet, recommander des possibilit\u00e9s d&rsquo;am\u00e9liorer la programmation future d&rsquo;\u00c9tang d&rsquo;Arts sur la base des enseignements tir\u00e9s du projet.<\/li>\n<\/ul>\n<p>&nbsp;<\/p>\n<h3><strong>Qualifications<\/strong><\/h3>\n<p>Le(s) candidat(s) id\u00e9al(aux) devra(ont) \u00eatre :<\/p>\n<ul>\n<li>Hautement cr\u00e9atif, \u00e9nergique et int\u00e9ress\u00e9 par les id\u00e9es et les sujets li\u00e9s \u00e0 la justice num\u00e9rique dans et en dehors des arts.<\/li>\n<li>Un collaborateur naturel, un esprit d&rsquo;initiative, capable de s&rsquo;adapter et d&rsquo;acqu\u00e9rir rapidement de nouvelles comp\u00e9tences, ayant l&rsquo;habitude de travailler avec diff\u00e9rentes parties prenantes pour mener \u00e0 bien des projets.<\/li>\n<li>Connaissance approfondie ou passion pour la technologie num\u00e9rique et les industries artistiques, cr\u00e9atives et culturelles au Canada et \u00e0 l&rsquo;\u00e9tranger.<\/li>\n<li>Exp\u00e9rience v\u00e9cue au sein d&rsquo;un ou de plusieurs groupes prioritaires en mati\u00e8re d&rsquo;\u00e9quit\u00e9 au niveau national et international, ou ensemble exceptionnel d&rsquo;expertise et de connaissances dans ce domaine, notamment :\n<ul>\n<li>Autochtones ou racis\u00e9s (Noirs, Bruns et autres personnes de couleur)<\/li>\n<li>En dehors du noyau central (banlieue, zone rurale, zone \u00e9loign\u00e9e)<\/li>\n<li>Handicap (S\/sourds, aveugles, neurodivers et autres handicaps)<\/li>\n<\/ul>\n<\/li>\n<li>Une exp\u00e9rience dans la conservation, la conception, l&rsquo;animation et\/ou la participation \u00e0 des conf\u00e9rences ou des symposiums num\u00e9riques est un atout.<\/li>\n<li>Excellentes aptitudes \u00e0 la lecture, \u00e0 l&rsquo;expression orale et \u00e0 la communication \u00e9crite en anglais et\/ou en fran\u00e7ais et\/ou dans une langue autochtone du Canada.<\/li>\n<li>Haut niveau de familiarit\u00e9 avec les programmes informatiques, notamment Microsoft Office365<\/li>\n<li>Capacit\u00e9 \u00e0 maintenir une attitude positive pour atteindre les objectifs, y compris une excellente communication interpersonnelle et le souci du d\u00e9tail.<\/li>\n<li>Acc\u00e8s \u00e0 un bureau \u00e0 domicile comprenant un ordinateur personnel (Windows ou Mac OS) et l&rsquo;internet.<\/li>\n<\/ul>\n<p>&nbsp;<\/p>\n<h3><strong>R\u00e9mun\u00e9ration<\/strong><\/h3>\n<p>Il s&rsquo;agit d&rsquo;un contrat flexible, \u00e0 temps partiel et ind\u00e9pendant (non-employ\u00e9). La r\u00e9mun\u00e9ration est un forfait d&rsquo;un maximum de 10 625 $ par poste. Les postes restent ouverts jusqu&rsquo;\u00e0 ce qu&rsquo;ils soient pourvus.<\/p>\n<p><strong>Postuler<\/strong><\/p>\n<p>Veuillez envoyer une lettre de motivation et un curriculum vitae d\u00e9crivant vos comp\u00e9tences et vos int\u00e9r\u00eats en rapport avec le poste \u00e0 l&rsquo;adresse suivante :<\/p>\n<p>Jessa Agilo, fondatrice, pr\u00e9sidente + CEO<br \/>\nArtsPond \/ \u00c9tang d&rsquo;Arts<br \/>\n<a href=\"mailto:jobs@artspond.com\">jobs@artspond.com<\/a><\/p>\n<p>Veuillez mentionner ce qui suit dans l&rsquo;objet de votre message :<\/p>\n<p>\u00ab\u00a022130 Programmateur du symposium, Ensemble l\u00e0-bas\u00a0\u00bb<\/p>\n<p>Vous avez des questions ? Planifiez une <strong><a href=\"https:\/\/artspond.com\/fr\/explore-with-jessa\/\">s\u00e9ance d&rsquo;information exploratoire en t\u00eate-\u00e0-t\u00eate<\/a><\/strong> avec Jessa ou assistez \u00e0 une s\u00e9ance d&rsquo;information via Zoom <strong><a href=\"https:\/\/artspond.com\/fr\/2022\/01\/26\/together-there-info-session\/\">le 7 f\u00e9vrier 2022 \u00e0 13 heures, heure de l&rsquo;Est.<\/a><\/strong><\/p>\n<p>&nbsp;<\/p>\n<p>\u00c9tang d&rsquo;Arts est un employeur offrant l&rsquo;\u00e9galit\u00e9 des chances. Tous les candidats qualifi\u00e9s seront consid\u00e9r\u00e9s pour un emploi sans \u00e9gard \u00e0 l&rsquo;\u00e2ge, l&rsquo;ascendance, la citoyennet\u00e9, la croyance (religion), la couleur, le handicap, l&rsquo;origine ethnique, le statut familial, l&rsquo;identit\u00e9 ou l&rsquo;expression de genre, le lieu d&rsquo;origine ou la race, le statut d&rsquo;ancien combattant ou tout autre statut prot\u00e9g\u00e9 par les lois f\u00e9d\u00e9rales, provinciales ou locales. Nous encourageons particuli\u00e8rement les groupes soucieux d&rsquo;\u00e9quit\u00e9, notamment les Autochtones, les Noirs et les autres personnes de couleur, les personnes handicap\u00e9es, les personnes 2SLGBTQIA+, les femmes, les n\u00e9o-Canadiens, les minorit\u00e9s visibles et les autres identit\u00e9s, cultures et origines diverses \u00e0 poser leur candidature. Nous remercions tous ceux qui prennent le temps de postuler, mais nous ne communiquerons qu&rsquo;avec les personnes s\u00e9lectionn\u00e9es pour une entrevue.<\/p>\n<p>&nbsp;<\/p>\n","protected":false},"author":1,"featured_media":0,"template":"","meta":{"_promoted":"","_job_location":"Canada","_application":"jobs@artspond.com","_company_name":"","_company_website":"","_company_tagline":"","_company_twitter":"","_company_video":"","_filled":0,"_featured":0,"_remote_position":0,"_job_salary":"","_job_salary_currency":"","_job_salary_unit":""},"job-categories":[],"job-types":[298],"class_list":{"0":"post-10635","1":"job_listing","2":"type-job_listing","3":"status-expired","4":"hentry","6":"job-type-freelance"},"yoast_head":"<!-- This site is optimized with the Yoast SEO plugin v27.5 - https:\/\/yoast.com\/product\/yoast-seo-wordpress\/ -->\n<title>22120 Programmateur, Symposium sur la justice num\u00e9rique (4 postes) - ArtsPond<\/title>\n<meta name=\"description\" content=\"\u00c9tang d&#039;arts recrute des programmateurs soucieux d&#039;\u00e9quit\u00e9, de partout au Canada, pour son symposium de connaissances sur la justice num\u00e9rique Ensemble l\u00e0-bas. Postulez d\u00e8s aujourd&#039;hui !\" \/>\n<meta name=\"robots\" content=\"index, follow, max-snippet:-1, max-image-preview:large, max-video-preview:-1\" \/>\n<link rel=\"canonical\" href=\"https:\/\/artspond.com\/fr\/?post_type=job_listing&p=10635\" \/>\n<meta property=\"og:locale\" content=\"fr_FR\" \/>\n<meta property=\"og:type\" content=\"article\" \/>\n<meta property=\"og:title\" content=\"22120 Programmateur, Symposium sur la justice num\u00e9rique (4 postes) - ArtsPond\" \/>\n<meta property=\"og:description\" content=\"\u00c9tang d&#039;arts recrute des programmateurs soucieux d&#039;\u00e9quit\u00e9, de partout au Canada, pour son symposium de connaissances sur la justice num\u00e9rique Ensemble l\u00e0-bas. Postulez d\u00e8s aujourd&#039;hui !\" \/>\n<meta property=\"og:url\" content=\"https:\/\/artspond.com\/fr\/?post_type=job_listing&amp;p=10635\" \/>\n<meta property=\"og:site_name\" content=\"ArtsPond\" \/>\n<meta property=\"article:modified_time\" content=\"2022-06-02T04:41:38+00:00\" \/>\n<meta property=\"og:image\" content=\"https:\/\/artspond.com\/wp-content\/uploads\/2022\/01\/2022-01-26-TGT-Out_TWp.jpg\" \/>\n<meta name=\"twitter:card\" content=\"summary_large_image\" \/>\n<meta name=\"twitter:image\" content=\"https:\/\/artspond.com\/wp-content\/uploads\/2022\/01\/2022-01-26-TGT-Out_TWp.jpg\" \/>\n<meta name=\"twitter:label1\" content=\"Dur\u00e9e de lecture estim\u00e9e\" \/>\n\t<meta name=\"twitter:data1\" content=\"9 minutes\" \/>\n<script type=\"application\/ld+json\" class=\"yoast-schema-graph\">{\"@context\":\"https:\\\/\\\/schema.org\",\"@graph\":[{\"@type\":\"WebPage\",\"@id\":\"https:\\\/\\\/artspond.com\\\/fr\\\/?post_type=job_listing&p=10635\",\"url\":\"https:\\\/\\\/artspond.com\\\/fr\\\/?post_type=job_listing&p=10635\",\"name\":\"22120 Programmateur, Symposium sur la justice num\u00e9rique (4 postes) - ArtsPond\",\"isPartOf\":{\"@id\":\"https:\\\/\\\/artspond.com\\\/fr\\\/#website\"},\"datePublished\":\"2022-01-26T02:18:19+00:00\",\"dateModified\":\"2022-06-02T04:41:38+00:00\",\"description\":\"\u00c9tang d'arts recrute des programmateurs soucieux d'\u00e9quit\u00e9, de partout au Canada, pour son symposium de connaissances sur la justice num\u00e9rique Ensemble l\u00e0-bas. Postulez d\u00e8s aujourd'hui !\",\"breadcrumb\":{\"@id\":\"https:\\\/\\\/artspond.com\\\/fr\\\/?post_type=job_listing&p=10635#breadcrumb\"},\"inLanguage\":\"fr-FR\",\"potentialAction\":[{\"@type\":\"ReadAction\",\"target\":[\"https:\\\/\\\/artspond.com\\\/fr\\\/?post_type=job_listing&p=10635\"]}]},{\"@type\":\"BreadcrumbList\",\"@id\":\"https:\\\/\\\/artspond.com\\\/fr\\\/?post_type=job_listing&p=10635#breadcrumb\",\"itemListElement\":[{\"@type\":\"ListItem\",\"position\":1,\"name\":\"Home\",\"item\":\"https:\\\/\\\/artspond.com\\\/fr\\\/\"},{\"@type\":\"ListItem\",\"position\":2,\"name\":\"22120 Programmateur, Symposium sur la justice num\u00e9rique (4 postes)\"}]},{\"@type\":\"WebSite\",\"@id\":\"https:\\\/\\\/artspond.com\\\/fr\\\/#website\",\"url\":\"https:\\\/\\\/artspond.com\\\/fr\\\/\",\"name\":\"ArtsPond\",\"description\":\"\",\"potentialAction\":[{\"@type\":\"SearchAction\",\"target\":{\"@type\":\"EntryPoint\",\"urlTemplate\":\"https:\\\/\\\/artspond.com\\\/fr\\\/?s={search_term_string}\"},\"query-input\":{\"@type\":\"PropertyValueSpecification\",\"valueRequired\":true,\"valueName\":\"search_term_string\"}}],\"inLanguage\":\"fr-FR\"}]}<\/script>\n<!-- \/ Yoast SEO plugin. -->","yoast_head_json":{"title":"22120 Programmateur, Symposium sur la justice num\u00e9rique (4 postes) - ArtsPond","description":"\u00c9tang d'arts recrute des programmateurs soucieux d'\u00e9quit\u00e9, de partout au Canada, pour son symposium de connaissances sur la justice num\u00e9rique Ensemble l\u00e0-bas. Postulez d\u00e8s aujourd'hui !","robots":{"index":"index","follow":"follow","max-snippet":"max-snippet:-1","max-image-preview":"max-image-preview:large","max-video-preview":"max-video-preview:-1"},"canonical":"https:\/\/artspond.com\/fr\/?post_type=job_listing&p=10635","og_locale":"fr_FR","og_type":"article","og_title":"22120 Programmateur, Symposium sur la justice num\u00e9rique (4 postes) - ArtsPond","og_description":"\u00c9tang d'arts recrute des programmateurs soucieux d'\u00e9quit\u00e9, de partout au Canada, pour son symposium de connaissances sur la justice num\u00e9rique Ensemble l\u00e0-bas. Postulez d\u00e8s aujourd'hui !","og_url":"https:\/\/artspond.com\/fr\/?post_type=job_listing&p=10635","og_site_name":"ArtsPond","article_modified_time":"2022-06-02T04:41:38+00:00","og_image":[{"url":"https:\/\/artspond.com\/wp-content\/uploads\/2022\/01\/2022-01-26-TGT-Out_TWp.jpg","type":"","width":"","height":""}],"twitter_card":"summary_large_image","twitter_image":"https:\/\/artspond.com\/wp-content\/uploads\/2022\/01\/2022-01-26-TGT-Out_TWp.jpg","twitter_misc":{"Dur\u00e9e de lecture estim\u00e9e":"9 minutes"},"schema":{"@context":"https:\/\/schema.org","@graph":[{"@type":"WebPage","@id":"https:\/\/artspond.com\/fr\/?post_type=job_listing&p=10635","url":"https:\/\/artspond.com\/fr\/?post_type=job_listing&p=10635","name":"22120 Programmateur, Symposium sur la justice num\u00e9rique (4 postes) - ArtsPond","isPartOf":{"@id":"https:\/\/artspond.com\/fr\/#website"},"datePublished":"2022-01-26T02:18:19+00:00","dateModified":"2022-06-02T04:41:38+00:00","description":"\u00c9tang d'arts recrute des programmateurs soucieux d'\u00e9quit\u00e9, de partout au Canada, pour son symposium de connaissances sur la justice num\u00e9rique Ensemble l\u00e0-bas. Postulez d\u00e8s aujourd'hui !","breadcrumb":{"@id":"https:\/\/artspond.com\/fr\/?post_type=job_listing&p=10635#breadcrumb"},"inLanguage":"fr-FR","potentialAction":[{"@type":"ReadAction","target":["https:\/\/artspond.com\/fr\/?post_type=job_listing&p=10635"]}]},{"@type":"BreadcrumbList","@id":"https:\/\/artspond.com\/fr\/?post_type=job_listing&p=10635#breadcrumb","itemListElement":[{"@type":"ListItem","position":1,"name":"Home","item":"https:\/\/artspond.com\/fr\/"},{"@type":"ListItem","position":2,"name":"22120 Programmateur, Symposium sur la justice num\u00e9rique (4 postes)"}]},{"@type":"WebSite","@id":"https:\/\/artspond.com\/fr\/#website","url":"https:\/\/artspond.com\/fr\/","name":"ArtsPond","description":"","potentialAction":[{"@type":"SearchAction","target":{"@type":"EntryPoint","urlTemplate":"https:\/\/artspond.com\/fr\/?s={search_term_string}"},"query-input":{"@type":"PropertyValueSpecification","valueRequired":true,"valueName":"search_term_string"}}],"inLanguage":"fr-FR"}]}},"_links":{"self":[{"href":"https:\/\/artspond.com\/fr\/wp-json\/wp\/v2\/job-listings\/10635","targetHints":{"allow":["GET"]}}],"collection":[{"href":"https:\/\/artspond.com\/fr\/wp-json\/wp\/v2\/job-listings"}],"about":[{"href":"https:\/\/artspond.com\/fr\/wp-json\/wp\/v2\/types\/job_listing"}],"author":[{"embeddable":true,"href":"https:\/\/artspond.com\/fr\/wp-json\/wp\/v2\/users\/1"}],"wp:attachment":[{"href":"https:\/\/artspond.com\/fr\/wp-json\/wp\/v2\/media?parent=10635"}],"wp:term":[{"taxonomy":"job_listing_category","embeddable":true,"href":"https:\/\/artspond.com\/fr\/wp-json\/wp\/v2\/job-categories?post=10635"},{"taxonomy":"job_listing_type","embeddable":true,"href":"https:\/\/artspond.com\/fr\/wp-json\/wp\/v2\/job-types?post=10635"}],"curies":[{"name":"wp","href":"https:\/\/api.w.org\/{rel}","templated":true}]}}